{"id":12911,"date":"2021-08-20T14:22:16","date_gmt":"2021-08-20T14:22:16","guid":{"rendered":"https:\/\/www.iep.pt\/noticias-articulos\/"},"modified":"2021-11-24T15:02:21","modified_gmt":"2021-11-24T15:02:21","slug":"noticias-articulos","status":"publish","type":"page","link":"https:\/\/www.iep.pt\/es\/noticias-articulos\/","title":{"rendered":"Noticias &#038; Art\u00edculos"},"content":{"rendered":"\t\t<div data-elementor-type=\"wp-page\" data-elementor-id=\"12911\" class=\"elementor elementor-12911 elementor-8962\">\n\t\t\t\t\t\t<div class=\"elementor-inner\">\n\t\t\t\t<div class=\"elementor-section-wrap\">\n\t\t\t\t\t\t\t\t\t<section class=\"elementor-section elementor-top-section elementor-element elementor-element-cba9b1a elementor-section-height-min-height elementor-section-boxed elementor-section-height-default elementor-section-items-middle\" data-id=\"cba9b1a\" data-element_type=\"section\" data-settings=\"{&quot;background_background&quot;:&quot;classic&quot;}\">\n\t\t\t\t\t\t<div class=\"elementor-container elementor-column-gap-default\">\n\t\t\t\t\t\t\t<div class=\"elementor-row\">\n\t\t\t\t\t<div class=\"elementor-column elementor-col-100 elementor-top-column elementor-element elementor-element-0c2cc00\" data-id=\"0c2cc00\" data-element_type=\"column\">\n\t\t\t<div class=\"elementor-column-wrap\">\n\t\t\t\t\t\t\t<div class=\"elementor-widget-wrap\">\n\t\t\t\t\t\t\t\t<\/div>\n\t\t\t\t\t<\/div>\n\t\t<\/div>\n\t\t\t\t\t\t\t\t<\/div>\n\t\t\t\t\t<\/div>\n\t\t<\/section>\n\t\t\t\t<section class=\"elementor-section elementor-top-section elementor-element elementor-element-c25feca elementor-section-boxed elementor-section-height-default elementor-section-height-default\" data-id=\"c25feca\" data-element_type=\"section\">\n\t\t\t\t\t\t<div class=\"elementor-container elementor-column-gap-default\">\n\t\t\t\t\t\t\t<div class=\"elementor-row\">\n\t\t\t\t\t<div class=\"elementor-column elementor-col-100 elementor-top-column elementor-element elementor-element-62d613f\" data-id=\"62d613f\" data-element_type=\"column\">\n\t\t\t<div class=\"elementor-column-wrap elementor-element-populated\">\n\t\t\t\t\t\t\t<div class=\"elementor-widget-wrap\">\n\t\t\t\t\t\t<div class=\"elementor-element elementor-element-c4818ac elementor-widget elementor-widget-heading\" data-id=\"c4818ac\" data-element_type=\"widget\" data-widget_type=\"heading.default\">\n\t\t\t\t<div class=\"elementor-widget-container\">\n\t\t\t<h2 class=\"elementor-heading-title elementor-size-default\">Nuestras <span style=\"color: #00b0a5;\">Noticias & Art\u00edculos<\/span><\/h2>\t\t<\/div>\n\t\t\t\t<\/div>\n\t\t\t\t<div class=\"elementor-element elementor-element-1e7ec90 elementor-widget elementor-widget-uael-posts\" data-id=\"1e7ec90\" data-element_type=\"widget\" data-settings=\"{&quot;feed_slides_to_show_tablet&quot;:2,&quot;feed_slides_to_show_mobile&quot;:1}\" data-widget_type=\"uael-posts.feed\">\n\t\t\t\t<div class=\"elementor-widget-container\">\n\t\t\t\t\t<div class=\"uael-post__header\">\n\t\t\t\t\t<\/div>\n\t\t<div class=\"uael-post__body\">\n\t\t\t\n\t\t\n\t\t<div class=\"uael-post-grid uael-posts\" data-query-type=\"custom\" data-structure=\"\" data-layout=\"\" data-page=\"12911\" data-skin=\"feed\" data-filter-default=\"\" data-offset-top=\"30\" >\n\n\t\t\t\t\t\t\t<div class=\"uael-post-grid__inner uael-post__columns-1 uael-post__columns-tablet-1 uael-post__columns-mobile-1\">\n\t\t\t\n\n<div class=\"uael-post-wrapper  \">\n\n\t<div class=\"uael-post__bg-wrap\">\n\t\t\n\t\t\n\t\t<div class=\"uael-post__inner-wrap \">\n\n\t\t\t\t<div class=\"uael-post__thumbnail\">\n\t\t\t\n\t\t\t<a href=\"https:\/\/www.iep.pt\/es\/o-iep-e-membro-associado-da-apesf\/\" target=\"_self\" title=\"O IEP \u00e9 membro associado da APESF!\"><img width=\"240\" height=\"70\" src=\"https:\/\/www.iep.pt\/wp-content\/uploads\/2021\/08\/APESF_Logo_site_003.png\" class=\"attachment-full size-full\" alt=\"\" loading=\"lazy\" \/><\/a>\n\t\t\t\t\t<\/div>\n\t\t\n\t\t\t\n\t\t\t<div class=\"uael-post__content-wrap\">\n\n\t\t\t\t\t<h3 class=\"uael-post__title\">\n\n\t\t\n\t\t\t\t\t\t<a href=\"https:\/\/www.iep.pt\/es\/o-iep-e-membro-associado-da-apesf\/\" target=\"_self\">\n\t\t\t\tO IEP \u00e9 membro associado da APESF!\t\t\t<\/a>\n\n\t\t\t\t<\/h3>\n\t\t<div class=\"uael-post__separator\"><\/div>\n\t\t<div class=\"uael-post__excerpt\">\n\t\t\t<p>O IEP associou-se \u00e0 APESF porque sabe que pode ajudar os clientes a melhorar e a gerir melhor as suas infraestruturas fotovoltaicas, atrav\u00e9s da aplica\u00e7\u00e3o &#8230;<\/p>\n\t\t<\/div>\n\n\t\t\t\t\t<div class=\"uael-post__meta-data\">\n\t\t\t\t\t<span class=\"uael-post__date\">\n\t\t\t\t\t\t\t\t\t\t\t\t\t<i aria-hidden=\"true\" class=\"fa fa-calendar\"><\/i>\t\t\t\t\t\t\t\t\t\n\t\t\t23 agosto, 2021\t\t<\/span>\n\t\t\t\t<\/div>\n\t\t\t\t\t<\/div>\n\t\t\t\n\t\t<\/div>\n\t\t\n\t<\/div>\n\n<\/div>\n\n\n<div class=\"uael-post-wrapper  sin-categorizar \">\n\n\t<div class=\"uael-post__bg-wrap\">\n\t\t\n\t\t\n\t\t<div class=\"uael-post__inner-wrap \">\n\n\t\t\t\t<div class=\"uael-post__thumbnail\">\n\t\t\t\n\t\t\t<a href=\"https:\/\/www.iep.pt\/es\/reinventar-o-setor-da-iluminacao\/\" target=\"_self\" title=\"Reinventar o Setor da Ilumina\u00e7\u00e3o\"><img width=\"540\" height=\"282\" src=\"https:\/\/www.iep.pt\/wp-content\/uploads\/2021\/08\/A-problematica-do-isolamento-equivalente-a-classe-II-de-isolamento-em-quadros-de-colunas_quadros-de-centralizacao-de-contagem-1.png\" class=\"attachment-full size-full\" alt=\"\" loading=\"lazy\" \/><\/a>\n\t\t\t\t\t<\/div>\n\t\t\n\t\t\t\n\t\t\t<div class=\"uael-post__content-wrap\">\n\n\t\t\t<span class=\"uael-post__terms\"><a href=\"https:\/\/www.iep.pt\/es\/category\/sin-categorizar\/\" class=\"uael-listing__terms-link\" id=\"uael-post-term-sin-categorizar\" aria-labelledby=\"uael-post-term-sin-categorizar\">Sin categorizar<\/a><\/span>\t\t<h3 class=\"uael-post__title\">\n\n\t\t\n\t\t\t\t\t\t<a href=\"https:\/\/www.iep.pt\/es\/reinventar-o-setor-da-iluminacao\/\" target=\"_self\">\n\t\t\t\tReinventar o Setor da Ilumina\u00e7\u00e3o\t\t\t<\/a>\n\n\t\t\t\t<\/h3>\n\t\t<div class=\"uael-post__separator\"><\/div>\n\t\t<div class=\"uael-post__excerpt\">\n\t\t\t<p>&nbsp;&nbsp; Em artigo publicado na revista \u201cO eletricista\u201d, Rui Fernando S\u00e1, Gestor Comercial no IEP, fala-nos de um setor em transforma\u00e7\u00e3o. A ilumina\u00e7\u00e3o \u00e9 uma &#8230;<\/p>\n\t\t<\/div>\n\n\t\t\t\t\t<div class=\"uael-post__meta-data\">\n\t\t\t\t\t<span class=\"uael-post__date\">\n\t\t\t\t\t\t\t\t\t\t\t\t\t<i aria-hidden=\"true\" class=\"fa fa-calendar\"><\/i>\t\t\t\t\t\t\t\t\t\n\t\t\t23 agosto, 2021\t\t<\/span>\n\t\t\t\t<\/div>\n\t\t\t\t\t<\/div>\n\t\t\t\n\t\t<\/div>\n\t\t\n\t<\/div>\n\n<\/div>\n\n\n<div class=\"uael-post-wrapper  sin-categorizar \">\n\n\t<div class=\"uael-post__bg-wrap\">\n\t\t\n\t\t\n\t\t<div class=\"uael-post__inner-wrap \">\n\n\t\t\t\t<div class=\"uael-post__thumbnail\">\n\t\t\t\n\t\t\t<a href=\"https:\/\/www.iep.pt\/es\/instalacoes-eletricas-para-a-alimentacao-do-carregamento-de-veiculos-eletricos\/\" target=\"_self\" title=\"Instala\u00e7\u00f5es El\u00e9tricas para a Alimenta\u00e7\u00e3o do Carregamento de Ve\u00edculos El\u00e9tricos\"><img width=\"540\" height=\"282\" src=\"https:\/\/www.iep.pt\/wp-content\/uploads\/2021\/08\/A-problematica-do-isolamento-equivalente-a-classe-II-de-isolamento-em-quadros-de-colunas_quadros-de-centralizacao-de-contagem-4.png\" class=\"attachment-full size-full\" alt=\"\" loading=\"lazy\" \/><\/a>\n\t\t\t\t\t<\/div>\n\t\t\n\t\t\t\n\t\t\t<div class=\"uael-post__content-wrap\">\n\n\t\t\t<span class=\"uael-post__terms\"><a href=\"https:\/\/www.iep.pt\/es\/category\/sin-categorizar\/\" class=\"uael-listing__terms-link\" id=\"uael-post-term-sin-categorizar\" aria-labelledby=\"uael-post-term-sin-categorizar\">Sin categorizar<\/a><\/span>\t\t<h3 class=\"uael-post__title\">\n\n\t\t\n\t\t\t\t\t\t<a href=\"https:\/\/www.iep.pt\/es\/instalacoes-eletricas-para-a-alimentacao-do-carregamento-de-veiculos-eletricos\/\" target=\"_self\">\n\t\t\t\tInstala\u00e7\u00f5es El\u00e9tricas para a Alimenta\u00e7\u00e3o do Carregamento de Ve\u00edculos El\u00e9tricos\t\t\t<\/a>\n\n\t\t\t\t<\/h3>\n\t\t<div class=\"uael-post__separator\"><\/div>\n\t\t<div class=\"uael-post__excerpt\">\n\t\t\t<p>Em artigo publicado na revista \u201cO eletricista\u201d, falamos sobre a quest\u00e3o das instala\u00e7\u00f5es el\u00e9tricas para a alimenta\u00e7\u00e3o do carregamento de ve\u00edculos el\u00e9tricos. A procura de &#8230;<\/p>\n\t\t<\/div>\n\n\t\t\t\t\t<div class=\"uael-post__meta-data\">\n\t\t\t\t\t<span class=\"uael-post__date\">\n\t\t\t\t\t\t\t\t\t\t\t\t\t<i aria-hidden=\"true\" class=\"fa fa-calendar\"><\/i>\t\t\t\t\t\t\t\t\t\n\t\t\t23 agosto, 2021\t\t<\/span>\n\t\t\t\t<\/div>\n\t\t\t\t\t<\/div>\n\t\t\t\n\t\t<\/div>\n\t\t\n\t<\/div>\n\n<\/div>\n\n\n<div class=\"uael-post-wrapper  \">\n\n\t<div class=\"uael-post__bg-wrap\">\n\t\t\n\t\t\n\t\t<div class=\"uael-post__inner-wrap \">\n\n\t\t\t\t<div class=\"uael-post__thumbnail\">\n\t\t\t\n\t\t\t<a href=\"https:\/\/www.iep.pt\/es\/guia-de-aplicacao-da-serie-de-normas-np-en-62305\/\" target=\"_self\" title=\"Guia de aplica\u00e7\u00e3o da s\u00e9rie de normas NP EN 62305\"><img width=\"500\" height=\"433\" src=\"https:\/\/www.iep.pt\/wp-content\/uploads\/2021\/08\/NP-EN-62305.png\" class=\"attachment-full size-full\" alt=\"\" loading=\"lazy\" \/><\/a>\n\t\t\t\t\t<\/div>\n\t\t\n\t\t\t\n\t\t\t<div class=\"uael-post__content-wrap\">\n\n\t\t\t\t\t<h3 class=\"uael-post__title\">\n\n\t\t\n\t\t\t\t\t\t<a href=\"https:\/\/www.iep.pt\/es\/guia-de-aplicacao-da-serie-de-normas-np-en-62305\/\" target=\"_self\">\n\t\t\t\tGuia de aplica\u00e7\u00e3o da s\u00e9rie de normas NP EN 62305\t\t\t<\/a>\n\n\t\t\t\t<\/h3>\n\t\t<div class=\"uael-post__separator\"><\/div>\n\t\t<div class=\"uael-post__excerpt\">\n\t\t\t<p>O IEP como Organismo de Normaliza\u00e7\u00e3o Sectorial coordena perto de cinco dezenas de Comiss\u00f5es T\u00e9cnicas de Normaliza\u00e7\u00e3o Eletrot\u00e9cnica (CTE).Para al\u00e9m de elaborarem as normas portuguesas &#8230;<\/p>\n\t\t<\/div>\n\n\t\t\t\t\t<div class=\"uael-post__meta-data\">\n\t\t\t\t\t<span class=\"uael-post__date\">\n\t\t\t\t\t\t\t\t\t\t\t\t\t<i aria-hidden=\"true\" class=\"fa fa-calendar\"><\/i>\t\t\t\t\t\t\t\t\t\n\t\t\t23 agosto, 2021\t\t<\/span>\n\t\t\t\t<\/div>\n\t\t\t\t\t<\/div>\n\t\t\t\n\t\t<\/div>\n\t\t\n\t<\/div>\n\n<\/div>\n\n\n<div class=\"uael-post-wrapper  \">\n\n\t<div class=\"uael-post__bg-wrap\">\n\t\t\n\t\t\n\t\t<div class=\"uael-post__inner-wrap \">\n\n\t\t\t\t<div class=\"uael-post__thumbnail\">\n\t\t\t\n\t\t\t<a href=\"https:\/\/www.iep.pt\/es\/eficiencia-de-um-sistema-fotovoltaico\/\" target=\"_self\" title=\"Efici\u00eancia de um sistema fotovoltaico\"><img width=\"540\" height=\"282\" src=\"https:\/\/www.iep.pt\/wp-content\/uploads\/2021\/08\/Copia-de-Espaco-reservado-para-texto-1.png\" class=\"attachment-full size-full\" alt=\"\" loading=\"lazy\" \/><\/a>\n\t\t\t\t\t<\/div>\n\t\t\n\t\t\t\n\t\t\t<div class=\"uael-post__content-wrap\">\n\n\t\t\t\t\t<h3 class=\"uael-post__title\">\n\n\t\t\n\t\t\t\t\t\t<a href=\"https:\/\/www.iep.pt\/es\/eficiencia-de-um-sistema-fotovoltaico\/\" target=\"_self\">\n\t\t\t\tEfici\u00eancia de um sistema fotovoltaico\t\t\t<\/a>\n\n\t\t\t\t<\/h3>\n\t\t<div class=\"uael-post__separator\"><\/div>\n\t\t<div class=\"uael-post__excerpt\">\n\t\t\t<p>A constru\u00e7\u00e3o de um sistema fotovoltaico, independentemente da pot\u00eancia instalada, obriga \u00e0 exist\u00eancia de m\u00f3dulos fotovoltaicos (mono\/policristalinos ou pel\u00edcula fina), inversores e contadores de venda &#8230;<\/p>\n\t\t<\/div>\n\n\t\t\t\t\t<div class=\"uael-post__meta-data\">\n\t\t\t\t\t<span class=\"uael-post__date\">\n\t\t\t\t\t\t\t\t\t\t\t\t\t<i aria-hidden=\"true\" class=\"fa fa-calendar\"><\/i>\t\t\t\t\t\t\t\t\t\n\t\t\t23 agosto, 2021\t\t<\/span>\n\t\t\t\t<\/div>\n\t\t\t\t\t<\/div>\n\t\t\t\n\t\t<\/div>\n\t\t\n\t<\/div>\n\n<\/div>\n\t\t\t\t<\/div>\n\t\t\t\t\t\t\n\t\t<\/div>\n\n\t\t\t\t\t\t<\/div>\n\t\t<div class=\"uael-post__footer\">\n\t\t\t\t\t<\/div>\n\t\t\t\t<\/div>\n\t\t\t\t<\/div>\n\t\t\t\t\t\t<\/div>\n\t\t\t\t\t<\/div>\n\t\t<\/div>\n\t\t\t\t\t\t\t\t<\/div>\n\t\t\t\t\t<\/div>\n\t\t<\/section>\n\t\t\t\t\t\t\t\t\t<\/div>\n\t\t\t<\/div>\n\t\t\t\t\t<\/div>\n\t\t","protected":false},"excerpt":{"rendered":"<p>Nuestras Noticias &#038; Art\u00edculos Sin categorizar O IEP \u00e9 membro associado da APESF! O IEP associou-se \u00e0 APESF porque sabe que pode ajudar os clientes a melhorar e a gerir &hellip;<\/p>\n<p class=\"read-more\"> <a class=\"ast-button\" href=\"https:\/\/www.iep.pt\/es\/eficiencia-de-um-sistema-fotovoltaico\/\"> <span class=\"screen-reader-text\">Efici\u00eancia de um sistema fotovoltaico<\/span> Descubra mais<\/a><\/p>\n","protected":false},"author":2,"featured_media":0,"parent":0,"menu_order":0,"comment_status":"closed","ping_status":"closed","template":"","meta":{"spay_email":""},"acf":[],"_links":{"self":[{"href":"https:\/\/www.iep.pt\/es\/wp-json\/wp\/v2\/pages\/12911"}],"collection":[{"href":"https:\/\/www.iep.pt\/es\/wp-json\/wp\/v2\/pages"}],"about":[{"href":"https:\/\/www.iep.pt\/es\/wp-json\/wp\/v2\/types\/page"}],"author":[{"embeddable":true,"href":"https:\/\/www.iep.pt\/es\/wp-json\/wp\/v2\/users\/2"}],"replies":[{"embeddable":true,"href":"https:\/\/www.iep.pt\/es\/wp-json\/wp\/v2\/comments?post=12911"}],"version-history":[{"count":0,"href":"https:\/\/www.iep.pt\/es\/wp-json\/wp\/v2\/pages\/12911\/revisions"}],"wp:attachment":[{"href":"https:\/\/www.iep.pt\/es\/wp-json\/wp\/v2\/media?parent=12911"}],"curies":[{"name":"wp","href":"https:\/\/api.w.org\/{rel}","templated":true}]}}